{"id":48,"date":"2012-08-01T16:08:47","date_gmt":"2012-08-01T16:08:47","guid":{"rendered":"http:\/\/centrodeyogadeleon.wordpress.com\/?page_id=48"},"modified":"2022-02-16T21:34:39","modified_gmt":"2022-02-16T21:34:39","slug":"enlaces","status":"publish","type":"page","link":"http:\/\/yogaleonburgonuevo.com\/index.php\/enlaces\/","title":{"rendered":"Medios, prensa y enlaces"},"content":{"rendered":"\n<p>Reportaje para TV Le\u00f3n en febrero 2022.<\/p>\n\n\n\n<p>Presentamos nuestro Centro de yoga de Le\u00f3n Burgo Nuevo con 26 a\u00f1os de experiencia ense\u00f1ando s\u00f3lo yoga en Le\u00f3n. Nuevas instalaciones a pie de calle, c\u00f3modas, amplias, luminosas. Con profesoras siempre certificadas y en constante formaci\u00f3n.<\/p>\n\n\n\n<figure class=\"wp-block-embed-youtube wp-block-embed is-type-video is-provider-youtube wp-embed-aspect-16-9 wp-has-aspect-ratio\"><div class=\"wp-block-embed__wrapper\">\n<iframe title=\"CENTRO YOGA LEON BURGO NUEVO. Reportaje en TV Le\u00f3n Febrero 2022\" width=\"800\" height=\"450\" src=\"https:\/\/www.youtube.com\/embed\/9WBwCxQlDTw?feature=oembed\" frameborder=\"0\" allow=\"accelerometer; autoplay; clipboard-write; encrypted-media; gyroscope; picture-in-picture\" allowfullscreen><\/iframe>\n<\/div><\/figure>\n\n\n\n<p><\/p>\n\n\n\n<figure class=\"wp-block-image is-resized\"><img decoding=\"async\" src=\"http:\/\/yogaleonburgonuevo.com\/wp-content\/uploads\/2021\/10\/n-1.jpg\" alt=\"La imagen tiene un atributo ALT vac\u00edo; su nombre de archivo es n-1.jpg\" width=\"81\" height=\"81\"\/><\/figure>\n\n\n\n<p>Entrevista para radio a comienzos de septiembre 21 en Onda Cero, espero que os guste:<\/p>\n\n\n\n<p><a href=\"https:\/\/www.dropbox.com\/s\/6hjbzvfexdqbs0q\/AUD-20210930-WA0032.mp3?dl=0\">https:\/\/www.dropbox.com\/s\/6hjbzvfexdqbs0q\/AUD-20210930-WA0032.mp3?dl=0<\/a><\/p>\n\n\n\n<div class=\"wp-block-image\"><figure class=\"alignright is-resized\"><img decoding=\"async\" src=\"http:\/\/yogaleonburgonuevo.com\/wp-content\/uploads\/2021\/10\/n-1.jpg\" alt=\"La imagen tiene un atributo ALT vac\u00edo; su nombre de archivo es n-1.jpg\" width=\"106\" height=\"106\"\/><\/figure><\/div>\n\n\n\n<p>Y aqu\u00ed os dejo una peque\u00f1a intervenci\u00f3n en televisi\u00f3n de Le\u00f3n all\u00e1 por el 2012:<\/p>\n\n\n\n<p><a href=\"https:\/\/www.dropbox.com\/s\/0lzmqjpua0u3z6s\/Televisi%C3%B3n%20le%C3%B3n%202012.mp4?dl=0\">https:\/\/www.dropbox.com\/s\/0lzmqjpua0u3z6s\/Televisi%C3%B3n%20le%C3%B3n%202012.mp4?dl=0<\/a><\/p>\n\n\n\n<figure class=\"wp-block-image is-resized\"><img decoding=\"async\" src=\"http:\/\/yogaleonburgonuevo.com\/wp-content\/uploads\/2021\/10\/n-1.jpg\" alt=\"La imagen tiene un atributo ALT vac\u00edo; su nombre de archivo es n-1.jpg\" width=\"96\" height=\"96\"\/><\/figure>\n\n\n<p><span style=\"color: #3366ff;\">Martine Le Chenic<\/span><\/p>\n<p><span style=\"color: #3366ff;\">Christian Pisano<\/span><\/p>\n<p><a href=\"http:\/\/www.bksiyengar.com\/\">P\u00e1gina oficial de BKS Iyengar<\/a><\/p>\n<p><a href=\"http:\/\/www.aeyi.org\/\">Asociaci\u00f3n Espa\u00f1ola de Yoga Iyengar, AEYI<\/a><\/p>\n<p><a href=\"https:\/\/aeyi.org\/la-asociacion\/profesores\/\">Lista oficial de profesores de Yoga Iyengar en Espa\u00f1a<\/a><\/p>\n<p><a href=\"http:\/\/www.aeyi.org\/es\/bibliografia\">Bibliograf\u00eda Yoga Iyengar<\/a><\/p>\n<p><\/p>","protected":false},"excerpt":{"rendered":"<p>Reportaje para TV Le\u00f3n en febrero 2022. Presentamos nuestro Centro de yoga de Le\u00f3n Burgo Nuevo con 26 a\u00f1os de experiencia ense\u00f1ando s\u00f3lo yoga en Le\u00f3n. Nuevas instalaciones a pie de calle, c\u00f3modas, amplias, luminosas. Con profesoras siempre certificadas y en constante formaci\u00f3n. Entrevista para radio a comienzos de septiembre 21 en Onda Cero, espero [&hellip;]<\/p>\n","protected":false},"author":2,"featured_media":782,"parent":0,"menu_order":6,"comment_status":"open","ping_status":"open","template":"","meta":{"footnotes":""},"class_list":["post-48","page","type-page","status-publish","has-post-thumbnail","hentry"],"_links":{"self":[{"href":"http:\/\/yogaleonburgonuevo.com\/index.php\/wp-json\/wp\/v2\/pages\/48","targetHints":{"allow":["GET"]}}],"collection":[{"href":"http:\/\/yogaleonburgonuevo.com\/index.php\/wp-json\/wp\/v2\/pages"}],"about":[{"href":"http:\/\/yogaleonburgonuevo.com\/index.php\/wp-json\/wp\/v2\/types\/page"}],"author":[{"embeddable":true,"href":"http:\/\/yogaleonburgonuevo.com\/index.php\/wp-json\/wp\/v2\/users\/2"}],"replies":[{"embeddable":true,"href":"http:\/\/yogaleonburgonuevo.com\/index.php\/wp-json\/wp\/v2\/comments?post=48"}],"version-history":[{"count":7,"href":"http:\/\/yogaleonburgonuevo.com\/index.php\/wp-json\/wp\/v2\/pages\/48\/revisions"}],"predecessor-version":[{"id":1845,"href":"http:\/\/yogaleonburgonuevo.com\/index.php\/wp-json\/wp\/v2\/pages\/48\/revisions\/1845"}],"wp:featuredmedia":[{"embeddable":true,"href":"http:\/\/yogaleonburgonuevo.com\/index.php\/wp-json\/wp\/v2\/media\/782"}],"wp:attachment":[{"href":"http:\/\/yogaleonburgonuevo.com\/index.php\/wp-json\/wp\/v2\/media?parent=48"}],"curies":[{"name":"wp","href":"https:\/\/api.w.org\/{rel}","templated":true}]}}